{"id":1194,"date":"2021-01-26T16:15:20","date_gmt":"2021-01-26T15:15:20","guid":{"rendered":"https:\/\/mamp.parkings-semepa.fr\/?page_id=1194"},"modified":"2023-07-06T15:17:32","modified_gmt":"2023-07-06T14:17:32","slug":"motos-et-velos","status":"publish","type":"page","link":"https:\/\/mamp.parkings-semepa.fr\/?page_id=1194","title":{"rendered":"Motos et V\u00e9los"},"content":{"rendered":"\n<p><strong><span style=\"color: #cc3333;\"><u>ABONNEMENT MOTOS<\/u><\/span><\/strong><\/p>\n<p><a href=\"https:\/\/mamp.parkings-semepa.fr\/wp-content\/uploads\/2021\/01\/espaces-motos.png\" target=\"_blank\" rel=\"noopener noreferrer\"><img decoding=\"async\" loading=\"lazy\" class=\"alignnone\" src=\"https:\/\/mamp.parkings-semepa.fr\/wp-content\/uploads\/2022\/04\/espaces-motos.png\" alt=\"\" width=\"1024\" height=\"392\" \/><\/a><\/p>\n<p>Sur des places r\u00e9serv\u00e9es de couleur Pourpre, avec un large entraxe, la SEMEPA propose dans ses parkings des emplacements motos et scoters \u00e0 proximit\u00e9 des postes de contr\u00f4le des parkings.<\/p>\n<p>Ces places sont faciles d\u2019acc\u00e8s, abrit\u00e9es et s\u00e9curis\u00e9es 24h\/24 par la pr\u00e9sence des personnels du stationnement et du r\u00e9seau de vid\u00e9osurveillance.<\/p>\n<p><strong><span style=\"color: #800080;\">Tarifs de l\u2019abonnement moto :<\/span><\/strong><\/p>\n<p>30 \u20ac\/mois<\/p>\n<p>L\u2019abonnement est affect\u00e9 \u00e0 un parc de stationnement, ce qui garantit la place disponible \u00e0 tout moment pour l\u2019abonn\u00e9.<\/p>\n<p><span style=\"color: #cc3333;\"><strong><u>ABONNEMENT VELO, AUTO+VELO &amp; VELO CARGO<br \/><\/u><\/strong><\/span><\/p>\n<p><a href=\"https:\/\/mamp.parkings-semepa.fr\/wp-content\/uploads\/2021\/01\/PANNEAU_VELOS-scaled.jpg\" target=\"_blank\" rel=\"noopener noreferrer\"><img decoding=\"async\" loading=\"lazy\" src=\"https:\/\/mamp.parkings-semepa.fr\/wp-content\/uploads\/2021\/01\/PANNEAU_VELOS-scaled.jpg\" alt=\"\" width=\"2560\" height=\"979\" \/><\/a><\/p>\n<p><span style=\"color: #ff9900;\"><strong>Le contexte :<\/strong><\/span><\/p>\n<p style=\"text-align: justify;\">Au lendemain du confinement de 2020,\u00a0 la Ville d\u2019Aix a souhait\u00e9 accompagner et encourager le d\u00e9veloppement des mobilit\u00e9s douces et particuli\u00e8rement l\u2019engouement pour le v\u00e9lo, stimul\u00e9 par la motorisation \u00e9lectrique et le contexte sanitaire.<\/p>\n<p style=\"text-align: justify;\">Dans le cadre de son <strong>Plan V\u00e9lo<\/strong> et afin de r\u00e9pondre aux demandes, elle a entrepris le maillage du territoire avec de grands axes cyclistes identifi\u00e9s et mis rapidement en place un dispositif permettant de stationner sur la voie publique et dans des espaces d\u00e9di\u00e9s plusieurs centaines de v\u00e9los, dans et autour du centre historique.<\/p>\n<p>\u00a0<\/p>\n<p><span style=\"color: #ff9900;\"><strong>L&rsquo;accompagnement :<\/strong><\/span><\/p>\n<p style=\"text-align: justify;\">La SEMEPA a propos\u00e9 d\u2019<strong>accompagner ce Plan V\u00e9lo en r\u00e9pondant \u00e0<\/strong> <strong>des demandes sp\u00e9cifiques des cyclistes<\/strong> concernant<\/p>\n<ul style=\"text-align: justify;\">\n<li><strong>la protection des 2 roues<\/strong> contre le vol et les d\u00e9gradations (+ de 400\u00a0000 v\u00e9los ont \u00e9t\u00e9 vol\u00e9s l\u2019an dernier en France selon la F\u00e9d\u00e9ration des Usagers de la Bicyclette, essentiellement sur la voie publique et majoritairement apr\u00e8s 19h). Le vol, en pleine expansion, est, selon la FUB, l\u2019un des premiers freins \u00e0 la pratique r\u00e9guli\u00e8re du v\u00e9lo et \u00e0 l\u2019usage du v\u00e9lo comme mode de d\u00e9placement au quotidien. A cause du vol, pr\u00e8s de 80 000 cyclistes renoncent chaque ann\u00e9e \u00e0 faire du v\u00e9lo\u00a0!<\/li>\n<\/ul>\n<p style=\"text-align: justify;\">Au vol, il faut ajouter les d\u00e9gradations d\u00e9plor\u00e9es sur les v\u00e9los stationn\u00e9s sur l\u2019espace public, c\u2019est particuli\u00e8rement probl\u00e9matique pour les v\u00e9los \u00e9quip\u00e9s, \u00e9lectriques ou de grande valeur.<\/p>\n<ul>\n<li style=\"text-align: justify;\"><strong>la possibilit\u00e9 de recharge \u00e9lectrique<\/strong> pour une part grandissante du parc v\u00e9lo, particuli\u00e8rement \u00e0 Aix compte tenu du relief<\/li>\n<li style=\"text-align: justify;\">l\u2019int\u00e9r\u00eat de <strong>pouvoir disposer d\u2019un casier<\/strong> <strong>personnel<\/strong> pour ranger v\u00eatements de pluie, baskets etc avant de regagner son travail, et entreposer en s\u00e9curit\u00e9 sa batterie<\/li>\n<li style=\"text-align: justify;\">l\u2019utilit\u00e9 de <strong>pouvoir compter sur un ensemble d\u2019outils<\/strong> pour de menues r\u00e9parations et gonflage<\/li>\n<li style=\"text-align: justify;\"><strong>la protection des intemp\u00e9ries<\/strong>, v\u00e9los au sec<\/li>\n<li style=\"text-align: justify;\"><strong>le stationnement des v\u00e9los-cargo<\/strong>, longtails et triporteurs, encombrants et peu compatibles avec les r\u00e8glements de copropri\u00e9t\u00e9s, ainsi que les espaces disponibles en centre-ville<\/li>\n<\/ul>\n<p>\u00a0<\/p>\n<p><span style=\"color: #ff9900;\"><strong>La mise en place :<\/strong><\/span><\/p>\n<p style=\"text-align: justify;\">Les travaux ont \u00e9t\u00e9 engag\u00e9s d\u00e8s le d\u00e9but 2021 pour les trois premiers espaces mis \u00e0 disposition.<\/p>\n<p style=\"text-align: justify;\">La SEMEPA a port\u00e9 l\u2019int\u00e9gralit\u00e9 des frais li\u00e9s \u00e0 l\u2019am\u00e9nagement et \u00e0 l\u2019\u00e9quipement de ces espaces et aux travaux d\u2019acc\u00e8s n\u00e9cessaires \u00e0 leur mise en service dans les parkings. Elle a n\u00e9anmoins b\u00e9n\u00e9fici\u00e9 d\u2019une aide publique li\u00e9e au programme gouvernemental de d\u00e9veloppement du v\u00e9lo (Programme Alveole).\u00a0<\/p>\n<ul style=\"text-align: justify;\">\n<li><span style=\"color: #ff0000;\"><strong>Parking Rotonde<\/strong>\/Les All\u00e9es niveau -5 = espace Standard ouvert en juin 2021 &#8211; (25 pl)<\/span><\/li>\n<li><span style=\"color: #ff0000;\"><strong>Parking Rotonde<\/strong>\/Les All\u00e9es niveau -4 = espace Premium ouvert en juin 2021 &#8211; (25 pl) &#8211; Espace v\u00e9loscargo.<\/span><\/li>\n<li><strong>Parking Rambot<\/strong>\/Arts et M\u00e9tiers = espace Standard, Premium &amp; Auto+V\u00e9lo ouvert en mai 2022 &#8211; (20 pl)<\/li>\n<li><strong>Parking Pasteur<\/strong>\/Cath\u00e9drale = espace Premium ouvert en avril 2021 &#8211; (25 pl)<\/li>\n<li><strong>Parking Carnot<\/strong>\/Centre des Congr\u00e8s = espace Standard, Premium &amp; V\u00e9lo Cargo ouvert en janvier 2023 &#8211; (40 pl). L\u2019espace Carnot a fait l\u2019objet d\u2019am\u00e9nagements particuliers avec transformation d\u2019une ancienne tr\u00e9mie d\u2019acc\u00e8s de voitures en <strong>tr\u00e9mie r\u00e9serv\u00e9e aux v\u00e9los et directement connect\u00e9e au r\u00e9seau cyclable<\/strong> des boulevards ext\u00e9rieurs et du centre-ville d\u2019Aix.<\/li>\n<\/ul>\n<p style=\"text-align: justify;\"><strong>Les installations permettant d\u2019accueillir les v\u00e9los et les casiers personnalis\u00e9s sont renforc\u00e9es au fur et \u00e0 mesure des demandes d\u2019abonnements.<br \/><\/strong><strong>Le potentiel global d\u2019accueil a \u00e9t\u00e9 \u00e9valu\u00e9 \u00e0 250 places.<\/strong><\/p>\n<p>\u00a0<\/p>\n<p><span style=\"color: #ff9900;\"><strong>L&rsquo;offre :<br \/><\/strong><\/span><\/p>\n<p style=\"text-align: justify;\">Compte tenu de la r\u00e9glementation et des r\u00e8gles de s\u00e9curit\u00e9 en vigueur dans les parcs en ouvrage, la SEMEPA a \u00e9tudi\u00e9 diff\u00e9rentes contraintes et possibilit\u00e9s, puis identifi\u00e9 dans ses parkings des espaces pouvant \u00eatre am\u00e9nag\u00e9s et ferm\u00e9s pour accueillir des v\u00e9los.<\/p>\n<p style=\"text-align: justify;\">Elle a consult\u00e9 les services de la Ville d\u2019Aix, ainsi que les \u00e9lus. Ainsi l\u2019espace v\u00e9lo du Parking Pasteur\/Cath\u00e9drale a \u00e9t\u00e9 jug\u00e9 prioritaire, compte tenu de sa situation au d\u00e9bouch\u00e9 de la piste cyclable Aix centre-Puyricard. La SEMEPA a \u00e9galement \u00e9chang\u00e9 avec l\u2019ADAVA, les magasins aixois de cycles, ainsi que l\u2019Office de Tourisme, afin de r\u00e9pondre aux diff\u00e9rentes attentes.<\/p>\n<p style=\"text-align: justify;\">Elle a enfin d\u00e9fini deux types d\u2019offres\u00a0principales :<\/p>\n<ul style=\"text-align: justify;\">\n<li><span style=\"color: #3366ff;\"><strong>Offre STANDARD<\/strong> &gt;<\/span> pour accueillir tous types de v\u00e9los accroch\u00e9s sur arceaux avec entraxe r\u00e9glementaire, avec station de gonflage et d\u2019outils de r\u00e9paration mis \u00e0 disposition, mais \u00e9galement banc pour poser un sac ou changer de chaussures, poubelle et borne de gel hydroalcoolique.<\/li>\n<li><span style=\"color: #3366ff;\"><strong>Offre PREMIUM<\/strong> &gt;<\/span> pour accueillir des v\u00e9los, notamment \u00e9lectriques, et <u>mettre \u00e0 disposition des abonn\u00e9s un casier personnel ferm\u00e9 par cadenas et dot\u00e9 d\u2019une prise pour recharge \u00e9lectrique de la batterie<\/u>. L\u2019espace Premium est \u00e9galement dot\u00e9 de racks de stationnement plus espac\u00e9s, d\u2019une station de gonflage et d\u2019outils de r\u00e9paration mis \u00e0 disposition, et de l\u2019ensemble des \u00e9quipements de l\u2019espace Standard.<\/li>\n<\/ul>\n<p style=\"text-align: justify;\">Et deux offres sp\u00e9cifiques\u00a0li\u00e9es \u00e0 certains espaces v\u00e9los :<\/p>\n<ul style=\"text-align: justify;\">\n<li><span style=\"color: #3366ff;\"><strong>Offre AUTO+VELO<\/strong> &gt;<\/span> pour accueillir les v\u00e9los d\u2019abonn\u00e9s au parking Rambot\/Arts et M\u00e9tiers souhaitant apr\u00e8s avoir stationn\u00e9 leur v\u00e9hicule pouvoir se rendre en centre-ville en v\u00e9lo (dernier km en mobilit\u00e9 douce).<\/li>\n<li><span style=\"color: #3366ff;\"><strong>Offre VELO CARGO <\/strong>&gt;<\/span> pour accueillir les v\u00e9los cargo, triporteurs, longtail. Cet abonnement comprend un casier personnel et s\u00e9curis\u00e9 de rangement avec prise de recharge \u00e9lectrique pour batterie et l\u2019ensemble des services Premium<\/li>\n<\/ul>\n<p style=\"text-align: justify;\">L\u2019acc\u00e8s aux espaces v\u00e9los, dans un premier temps permis par un code d\u2019entr\u00e9e, a \u00e9t\u00e9 repens\u00e9 avec <strong>un badge d\u2019acc\u00e8s<\/strong>, plus s\u00e9cure. La s\u00e9curit\u00e9 des espaces est une priorit\u00e9. Outre l\u2019acc\u00e8s limit\u00e9, les espaces v\u00e9los des parkings SEMEPA sont prot\u00e9g\u00e9s par <strong>vid\u00e9osurveillance<\/strong>. Les v\u00e9los stationn\u00e9s peuvent en plus \u00eatre accroch\u00e9s sur les supports pr\u00e9vus.<\/p>\n<p style=\"text-align: justify;\"><strong>Chaque espace v\u00e9lo est \u00e9quip\u00e9 d\u2019un \u00e9cran TV<\/strong> permettant de diffuser des informations li\u00e9es \u00e0 l\u2019actualit\u00e9 du v\u00e9lo \u00e0 Aix-en-Provence, les r\u00e8gles de s\u00e9curit\u00e9, des informations pratiques etc.<\/p>\n<p style=\"text-align: justify;\">Les actualit\u00e9s et vid\u00e9os diffus\u00e9es, en lien avec la Direction Communication de la Ville d\u2019Aix, sont r\u00e9guli\u00e8rement renouvel\u00e9es.<\/p>\n<p style=\"text-align: justify;\"><strong>Les espaces v\u00e9los sont accessibles 24h\/24.<\/strong><\/p>\n<p>\u00a0<\/p>\n<p><span style=\"color: #ff9900;\"><span style=\"color: #ff9900;\"><b>Tarifs de l&rsquo;abonnement\u00a0v\u00e9lo :<\/b><\/span><\/span><\/p>\n<p style=\"text-align: justify;\"><strong>\u00c9tablis afin de ne pas \u00eatre dissuasifs, les tarifs propos\u00e9s se situent dans la moyenne des offres des grandes villes de France<\/strong>, sans pour autant \u00eatre subventionn\u00e9s par les collectivit\u00e9s territoriales, comme ils le sont globalement ailleurs, et en offrant souvent plus de services aux usagers.<\/p>\n<ul>\n<li style=\"text-align: justify;\"><span style=\"color: #3366ff;\"><strong>L\u2019abonnement VELO STANDARD <\/strong><\/span>est de\u00a0: 4,16 \u20ac\/mois dans le cadre d\u2019un <u>abonnement annuel de 50 \u20ac<\/u>, (ou 6 \u20ac pour abonnement mensuel sans engagement) et de 3 \u20ac\/mois pour les tarifs r\u00e9duits (\u00e9tudiants, famille 4 v\u00e9los, minima sociaux et en recherche d\u2019emploi) valable pour un abonnement mensuel comme dans le cadre d\u2019un abonnement annuel. Abonnement d\u00e9livr\u00e9 sur justificatif, sans restriction de domiciliation, identification du v\u00e9lo (par vignette ou gravure)<\/li>\n<li style=\"text-align: justify;\"><span style=\"color: #3366ff;\"><strong>L\u2019abonnement VELO PREMIUM <\/strong><\/span>avec casier personnalis\u00e9 et recharge \u00e9lectrique est de\u00a0: 10 \u20ac\/mois dans le cadre d\u2019un <u>abonnement annuel de 120 \u20ac<\/u>, (ou 14 \u20ac pour un abonnement mensuel sans engagement). Abonnement d\u00e9livr\u00e9 sur justificatif, sans restriction de domiciliation, identification du v\u00e9lo (par vignette ou gravure)<\/li>\n<li style=\"text-align: justify;\"><span style=\"color: #3366ff;\"><strong>L\u2019abonnement AUTO+VELO<\/strong><\/span> est de 3 \u20ac\/mois en compl\u00e9ment de <u>l\u2019abonnement auto soit 249 \u20ac\/trimestre<\/u> ou bien de 6 \u20ac\/mois avec casier personnalis\u00e9 et recharge \u00e9lectrique en compl\u00e9ment de <u>l\u2019abonnement auto soit 258 \u20ac\/ trimestre.<br \/><\/u><\/li>\n<li style=\"text-align: justify;\"><span style=\"color: #3366ff;\"><strong>L\u2019abonnement VELO CARGO<\/strong><\/span> est de 12 \u20ac\/mois dans le cadre d\u2019un <u>abonnement annuel de 144 \u20ac <\/u>avec casier personnalis\u00e9 et recharge \u00e9lectrique, (et de 15 \u20ac\/mois pour un abonnement mensuel sans engagement).<\/li>\n<\/ul>\n<p><span style=\"color: #ff0000;\"><strong>Pour les abonnements v\u00e9lo dans les parkings SEMEPA, Rotonde et Rambot<\/strong><\/span><br \/><span style=\"color: #ff0000;\"><strong>s&rsquo;adresser \u00e0 : <\/strong><\/span><span style=\"color: #ff0000;\"><strong>04 42 16 04 04<\/strong><\/span><\/p>\n<p><br \/><a href=\"https:\/\/mamp.parkings-semepa.fr\/wp-content\/uploads\/2023\/03\/EspaceVelostarif2023.jpg\"><img decoding=\"async\" loading=\"lazy\" class=\"aligncenter wp-image-2571 size-full\" src=\"https:\/\/mamp.parkings-semepa.fr\/wp-content\/uploads\/2023\/03\/EspaceVelostarif2023.jpg\" alt=\"\" width=\"1181\" height=\"795\" srcset=\"https:\/\/mamp.parkings-semepa.fr\/wp-content\/uploads\/2023\/03\/EspaceVelostarif2023.jpg 1181w, https:\/\/mamp.parkings-semepa.fr\/wp-content\/uploads\/2023\/03\/EspaceVelostarif2023-300x202.jpg 300w, https:\/\/mamp.parkings-semepa.fr\/wp-content\/uploads\/2023\/03\/EspaceVelostarif2023-1024x689.jpg 1024w, https:\/\/mamp.parkings-semepa.fr\/wp-content\/uploads\/2023\/03\/EspaceVelostarif2023-768x517.jpg 768w, https:\/\/mamp.parkings-semepa.fr\/wp-content\/uploads\/2023\/03\/EspaceVelostarif2023-223x150.jpg 223w, https:\/\/mamp.parkings-semepa.fr\/wp-content\/uploads\/2023\/03\/EspaceVelostarif2023-150x101.jpg 150w\" sizes=\"(max-width: 1181px) 100vw, 1181px\" \/><\/a><\/p>\n<p><span style=\"color: #ff9900;\"><strong>L\u2019information du public<\/strong><\/span><\/p>\n<p style=\"text-align: justify;\">L\u2019ouverture des premiers espaces v\u00e9los a fait l\u2019objet de <strong>diverses annonces aupr\u00e8s du public<\/strong>\u00a0: r\u00e9seau d\u2019affichage pi\u00e9ton des parkings du centre-ville, annonce presse, r\u00e9seaux sociaux, article dans le magazine municipal, relais via les vecteurs d\u2019information des associations cyclistes et diffusion de flyers aupr\u00e8s des magasins de cycles de la ville d\u2019Aix.<\/p>\n<p style=\"text-align: justify;\">La SEMEPA a activement particip\u00e9 aux diff\u00e9rentes <strong>f\u00eates du v\u00e9lo<\/strong> organis\u00e9es par la ville d\u2019Aix au cours des deux derni\u00e8res ann\u00e9es et y a pr\u00e9sent\u00e9 sur un stand d\u00e9di\u00e9 les espaces mis \u00e0 disposition du public et les offres tarifaires.<\/p>\n<p style=\"text-align: justify;\">Les espaces v\u00e9los ont \u00e9galement \u00e9t\u00e9 pr\u00e9sent\u00e9s dans les num\u00e9ros sp\u00e9ciaux d\u2019\u00ab Aix Mag \u00bb consacr\u00e9 au Plan v\u00e9lo et massivement diffus\u00e9s dans les pr\u00e9sentoirs de presse des parkings du centre-ville.<\/p>\n<p>\u00a0<\/p>\n<p><span style=\"color: #ff9900;\"><strong>L\u2019aide \u00e0 l\u2019installation d\u2019une structure de cyclologistique urbaine\u00a0<\/strong><\/span><\/p>\n<p style=\"text-align: justify;\">Au-del\u00e0 du Plan v\u00e9lo engag\u00e9 par la ville d\u2019Aix-en-Provence, la SEMEPA accompagne \u00e9galement la volont\u00e9 publique d\u2019apaisement du centre-ville li\u00e9e \u00e0 la pi\u00e9tonnisation et \u00e0 la diminution du recours aux v\u00e9hicules thermiques pour le transport et la livraison.<\/p>\n<p style=\"text-align: justify;\">Dans cette logique, sur recommandation des services de la m\u00e9tropole et de la ville d\u2019Aix, la SEMEPA s\u2019est rapproch\u00e9e de <strong>la SCOP Tout en v\u00e9lo<\/strong>, pour l\u2019implantation d\u2019une antenne locale d\u2019un mod\u00e8le adopt\u00e9 d\u00e9j\u00e0 par une dizaine de grandes villes fran\u00e7aises.<\/p>\n<p style=\"text-align: justify;\">L\u2019objet de TOUT EN VELO consiste en la livraison du dernier kilom\u00e8tre \u00e0 v\u00e9lo, mais \u00e9galement \u00e0 rendre divers services de collecte de produits \u00e0 recycler, de portage et de petits d\u00e9m\u00e9nagements.<\/p>\n<p style=\"text-align: justify;\">Le dossier tout en v\u00e9lo pr\u00e9sentait plusieurs avantages\u00a0:<\/p>\n<ul style=\"text-align: justify;\">\n<li>la volont\u00e9 des cog\u00e9rants de s\u2019inscrire dans les attentes de la ville et des acteurs publics<\/li>\n<li>la participation \u00e0 la diminution de la livraison par v\u00e9hicules thermiques en centre-ville<\/li>\n<li>le respect des valeurs et des engagements de la SEMEPA concernant le soutien \u00e0 la commercialit\u00e9 du centre-ville qui avait fait refuser la mise \u00e0 disposition d\u2019un tel espace pour Amazon ou CDiscount<\/li>\n<li>l\u2019absence de concurrence sur Aix pour ce type de cyclologistique<\/li>\n<li>l\u2019exp\u00e9rience acquise dans d\u2019autres grandes villes par le r\u00e9seau Tout en v\u00e9lo<\/li>\n<li>la p\u00e9rennit\u00e9 du mod\u00e8le \u00e9conomique, ni autoentreprise ni microentreprise d\u00e9pendante d\u2019une plateforme internationale<\/li>\n<li>les relais permis par le r\u00e9seau aupr\u00e8s de divers clients de r\u00e9f\u00e9rence comme Veolia<\/li>\n<li>la qualit\u00e9 et l\u2019esth\u00e9tique des mat\u00e9riels utilis\u00e9s, par ailleurs fabriqu\u00e9s en France<\/li>\n<li>le statut de SCOP garantissant dans le cadre de l\u2019\u00e9conomie sociale et solidaire (ESS) l\u2019absence de d\u00e9rive en \u00ab\u00a0ub\u00e9risation\u00a0\u00bb des contrats de livreurs. Les co-g\u00e9rants et les futurs employ\u00e9s sont tous actionnaires de la SCOP, int\u00e9ress\u00e9s \u00e0 son d\u00e9veloppement<\/li>\n<li>le respect des consignes de s\u00e9curit\u00e9 du stockage et des r\u00e9glementations quant \u00e0 leur usage et \u00e0 leur pr\u00e9sence sur l\u2019espace public.<\/li>\n<\/ul>\n<p style=\"text-align: justify;\">Afin d\u2019acc\u00e9l\u00e9rer l\u2019implantation de cette structure et d\u2019assurer sa p\u00e9rennit\u00e9, la SEMEPA a mis \u00e0 disposition <strong>une partie de l\u2019espace v\u00e9lo du Parking Carnot\/Centre des congr\u00e8s pour assurer l\u2019accueil de la base de cyclologistique<\/strong>. En liaison avec la ville, elle a configur\u00e9 une zone de rupture de charge et l\u2019acc\u00e8s direct au centre-ville par la tr\u00e9mie v\u00e9lo du parking. Elle a accord\u00e9 un loyer pr\u00e9f\u00e9rentiel \u00e0 la SCOP, dans l\u2019esprit de celui accord\u00e9 au Parking Rotonde pour l\u2019accueil des navettes \u00e9lectriques Diablines.<\/p>\n<p style=\"text-align: justify;\">Tout en v\u00e9lo\/AIX-EN-PROVENCE a inaugur\u00e9 son local le 23 f\u00e9vrier.<\/p>\n<p style=\"text-align: justify;\"><a href=\"https:\/\/www.toutenvelo.fr\/aix-en-provence\/\">https:\/\/www.toutenvelo.fr\/aix-en-provence\/<\/a><\/p>\n<p><span style=\"font-size: inherit;\">.<\/span><\/p>\n\n\n<div class=\"wp-block-image\">\n<figure class=\"aligncenter size-large is-resized\"><a href=\"https:\/\/mamp.parkings-semepa.fr\/wp-content\/uploads\/2021\/01\/CARTE-MOTOS-ET-VELOS.pdf\" target=\"_blank\" rel=\"noreferrer noopener\"><img decoding=\"async\" loading=\"lazy\" src=\"https:\/\/mamp.parkings-semepa.fr\/wp-content\/uploads\/2021\/01\/CARTE-MOTOS-ET-VELOS.png\" alt=\"\" class=\"wp-image-1195\" width=\"570\" height=\"438\" srcset=\"https:\/\/mamp.parkings-semepa.fr\/wp-content\/uploads\/2021\/01\/CARTE-MOTOS-ET-VELOS-300x231.png 300w, https:\/\/mamp.parkings-semepa.fr\/wp-content\/uploads\/2021\/01\/CARTE-MOTOS-ET-VELOS-194x150.png 194w, https:\/\/mamp.parkings-semepa.fr\/wp-content\/uploads\/2021\/01\/CARTE-MOTOS-ET-VELOS-150x116.png 150w\" sizes=\"(max-width: 570px) 100vw, 570px\" \/><\/a><\/figure><\/div>\n\n\n<div class=\"wp-block-group is-layout-flow\"><div class=\"wp-block-group__inner-container\">\n<p><\/p>\n\n\n\n<p>NB. CALENDRIER &#8211; Les espaces Motos sont \u00e0 la disposition des usagers \u00e0 partir du 15 janvier 2021, dans les parkings Rotonde (entr\u00e9e Monoprix), Rotonde (entr\u00e9e Rue Lapierre), Pasteur, Cardeurs, Bellegarde (entr\u00e9e Briand), Mignet (entr\u00e9e Malherbe), Carnot (entr\u00e9e Forbin).<\/p>\n<\/div><\/div>\n","protected":false},"excerpt":{"rendered":"<p>ABONNEMENT MOTOS Sur des places r\u00e9serv\u00e9es de couleur Pourpre, avec un large entraxe, la SEMEPA propose dans ses parkings des emplacements motos et scoters \u00e0 proximit\u00e9 des postes de contr\u00f4le des parkings. Ces places sont faciles d\u2019acc\u00e8s, abrit\u00e9es et s\u00e9curis\u00e9es 24h\/24 par la pr\u00e9sence des personnels du stationnement et du \u2026<\/p>\n","protected":false},"author":1,"featured_media":0,"parent":0,"menu_order":0,"comment_status":"closed","ping_status":"closed","template":"","meta":[],"_links":{"self":[{"href":"https:\/\/mamp.parkings-semepa.fr\/index.php?rest_route=\/wp\/v2\/pages\/1194"}],"collection":[{"href":"https:\/\/mamp.parkings-semepa.fr\/index.php?rest_route=\/wp\/v2\/pages"}],"about":[{"href":"https:\/\/mamp.parkings-semepa.fr\/index.php?rest_route=\/wp\/v2\/types\/page"}],"author":[{"embeddable":true,"href":"https:\/\/mamp.parkings-semepa.fr\/index.php?rest_route=\/wp\/v2\/users\/1"}],"replies":[{"embeddable":true,"href":"https:\/\/mamp.parkings-semepa.fr\/index.php?rest_route=%2Fwp%2Fv2%2Fcomments&post=1194"}],"version-history":[{"count":40,"href":"https:\/\/mamp.parkings-semepa.fr\/index.php?rest_route=\/wp\/v2\/pages\/1194\/revisions"}],"predecessor-version":[{"id":2625,"href":"https:\/\/mamp.parkings-semepa.fr\/index.php?rest_route=\/wp\/v2\/pages\/1194\/revisions\/2625"}],"wp:attachment":[{"href":"https:\/\/mamp.parkings-semepa.fr\/index.php?rest_route=%2Fwp%2Fv2%2Fmedia&parent=1194"}],"curies":[{"name":"wp","href":"https:\/\/api.w.org\/{rel}","templated":true}]}}